{"id":9885,"date":"2024-09-03T14:59:38","date_gmt":"2024-09-03T12:59:38","guid":{"rendered":"https:\/\/ak-centralen.dk\/om-oss\/"},"modified":"2025-06-26T10:19:33","modified_gmt":"2025-06-26T08:19:33","slug":"om-oss","status":"publish","type":"page","link":"https:\/\/ak-centralen.dk\/sv\/om-oss\/","title":{"rendered":"Om oss"},"content":{"rendered":"\t\t<div data-elementor-type=\"wp-page\" data-elementor-id=\"9885\" class=\"elementor elementor-9885 elementor-8943\" data-elementor-post-type=\"page\">\n\t\t\t\t<div class=\"elementor-element elementor-element-b741768 e-flex e-con-boxed e-con e-parent\" data-id=\"b741768\" data-element_type=\"container\" data-settings=\"{&quot;background_background&quot;:&quot;classic&quot;}\">\n\t\t\t\t\t<div class=\"e-con-inner\">\n\t\t\t\t<div class=\"elementor-element elementor-element-7919fc3 elementor-invisible elementor-widget elementor-widget-heading\" data-id=\"7919fc3\" data-element_type=\"widget\" data-settings=\"{&quot;_animation&quot;:&quot;zoomIn&quot;}\" data-widget_type=\"heading.default\">\n\t\t\t\t<div class=\"elementor-widget-container\">\n\t\t\t\t\t<h2 class=\"elementor-heading-title elementor-size-default\">Vem \u00e4r AK-CENTRALEN?<\/h2>\t\t\t\t<\/div>\n\t\t\t\t<\/div>\n\t\t\t\t\t<\/div>\n\t\t\t\t<\/div>\n\t\t<div class=\"elementor-element elementor-element-30498e42 e-flex e-con-boxed e-con e-parent\" data-id=\"30498e42\" data-element_type=\"container\" data-settings=\"{&quot;background_background&quot;:&quot;classic&quot;,&quot;background_motion_fx_motion_fx_scrolling&quot;:&quot;yes&quot;,&quot;background_motion_fx_translateY_effect&quot;:&quot;yes&quot;,&quot;background_motion_fx_translateY_speed&quot;:{&quot;unit&quot;:&quot;px&quot;,&quot;size&quot;:4,&quot;sizes&quot;:[]},&quot;background_motion_fx_translateY_affectedRange&quot;:{&quot;unit&quot;:&quot;%&quot;,&quot;size&quot;:&quot;&quot;,&quot;sizes&quot;:{&quot;start&quot;:0,&quot;end&quot;:100}},&quot;background_motion_fx_devices&quot;:[&quot;desktop&quot;,&quot;laptop&quot;,&quot;tablet&quot;,&quot;mobile&quot;]}\">\n\t\t\t\t\t<div class=\"e-con-inner\">\n\t\t<div class=\"elementor-element elementor-element-23a3711f e-con-full e-flex e-con e-child\" data-id=\"23a3711f\" data-element_type=\"container\">\n\t\t\t\t<div class=\"elementor-element elementor-element-be0a0aa elementor-widget elementor-widget-text-editor\" data-id=\"be0a0aa\" data-element_type=\"widget\" data-widget_type=\"text-editor.default\">\n\t\t\t\t<div class=\"elementor-widget-container\">\n\t\t\t\t\t\t\t\t\t<p>AK-Centralen har sedan starten 1996 haft som vision att se till att dagligvaruhandeln uppfyller lagstiftningens krav p\u00e5 temperaturkvalitet &#8211; till l\u00e4gsta m\u00f6jliga service- och energikostnad f\u00f6r v\u00e5ra kunder.<\/p><p>Genom v\u00e5r erfarenhetsbaserade f\u00f6rvaltningsmodell skapar vi merv\u00e4rde f\u00f6r v\u00e5ra kunders utrustning och valda processer. P\u00e5 AK-Centralen f\u00f6rb\u00e4ttrar vi kontinuerligt v\u00e5r m\u00e4nskliga kompetens och teknik i v\u00e5r ambition att m\u00f6ta v\u00e5ra kunders behov av att m\u00f6ta industrins v\u00e4xande krav p\u00e5 kvalitetsf\u00f6rb\u00e4ttringar av komplexa processer. <\/p><p>V\u00e5rt specialiserade team med n\u00e4stan 40 medarbetare \u00e4r dedikerade till att ta ansvar genom intelligenta beslut och vara p\u00e5litliga i alla handlingar.<\/p><p>Idag \u00e4r vi stolta \u00f6ver att \u00f6vervaka, energioptimera och kvalitetss\u00e4kra \u00f6ver 2000 kunder i Danmark, Sverige, F\u00e4r\u00f6arna och Island.<\/p>\t\t\t\t\t\t\t\t<\/div>\n\t\t\t\t<\/div>\n\t\t\t\t<div class=\"elementor-element elementor-element-205d2b1 elementor-widget elementor-widget-text-editor\" data-id=\"205d2b1\" data-element_type=\"widget\" data-widget_type=\"text-editor.default\">\n\t\t\t\t<div class=\"elementor-widget-container\">\n\t\t\t\t\t\t\t\t\t<h3>L\u00f6ften<\/h3>\t\t\t\t\t\t\t\t<\/div>\n\t\t\t\t<\/div>\n\t\t\t\t<div class=\"elementor-element elementor-element-3b506e5 white elementor-widget elementor-widget-text-editor\" data-id=\"3b506e5\" data-element_type=\"widget\" data-widget_type=\"text-editor.default\">\n\t\t\t\t<div class=\"elementor-widget-container\">\n\t\t\t\t\t\t\t\t\t<p style=\"text-align: center;\">Vi <u>tillf\u00f6r v\u00e4rde till<\/u> kundens investeringar och valda processer<\/p>\t\t\t\t\t\t\t\t<\/div>\n\t\t\t\t<\/div>\n\t\t\t\t<div class=\"elementor-element elementor-element-42ffcd5 white elementor-widget elementor-widget-text-editor\" data-id=\"42ffcd5\" data-element_type=\"widget\" data-widget_type=\"text-editor.default\">\n\t\t\t\t<div class=\"elementor-widget-container\">\n\t\t\t\t\t\t\t\t\t<p style=\"text-align: center;\">Vi ska ta <u>ansvar<\/u> genom smarta beslut<\/p>\t\t\t\t\t\t\t\t<\/div>\n\t\t\t\t<\/div>\n\t\t\t\t<div class=\"elementor-element elementor-element-43ce1a4 white elementor-widget elementor-widget-text-editor\" data-id=\"43ce1a4\" data-element_type=\"widget\" data-widget_type=\"text-editor.default\">\n\t\t\t\t<div class=\"elementor-widget-container\">\n\t\t\t\t\t\t\t\t\t<p style=\"text-align: center;\">Vi ska vara <u>trov\u00e4rdiga<\/u> i alla v\u00e5ra handlingar<\/p>\t\t\t\t\t\t\t\t<\/div>\n\t\t\t\t<\/div>\n\t\t\t\t<\/div>\n\t\t<div class=\"elementor-element elementor-element-2ad90f74 e-con-full e-flex e-con e-child\" data-id=\"2ad90f74\" data-element_type=\"container\">\n\t\t\t\t<div class=\"elementor-element elementor-element-21d86df elementor-widget elementor-widget-ucaddon_timeline_bullets\" data-id=\"21d86df\" data-element_type=\"widget\" data-widget_type=\"ucaddon_timeline_bullets.default\">\n\t\t\t\t<div class=\"elementor-widget-container\">\n\t\t\t\t\t\n<!-- start Timeline Bullets -->\n\t\t<link id='font-awesome-css' href='https:\/\/ak-centralen.dk\/wp-content\/plugins\/unlimited-elements-for-elementor-premium\/assets_libraries\/font-awesome6\/fontawesome-all.min.css' type='text\/css' rel='stylesheet' >\n\t\t<link id='font-awesome-4-shim-css' href='https:\/\/ak-centralen.dk\/wp-content\/plugins\/unlimited-elements-for-elementor-premium\/assets_libraries\/font-awesome6\/fontawesome-v4-shims.min.css' type='text\/css' rel='stylesheet' >\n\n<style>\/* widget: Timeline Bullets *\/\n\n\n\n#uc_timeline_bullets_elementor_21d86df .ue_item{\n  display:flex;\n  position:relative;\n}\n\n#uc_timeline_bullets_elementor_21d86df .ue_item_icon{ \n  display:flex;\n  align-items:center;\n  justify-content:center;\n  flex-grow:0;\n  flex-shrink:0;\n  line-height:1em;\n  overflow:hidden;\n}\n\n#uc_timeline_bullets_elementor_21d86df .ue_item_icon img{\n  object-fit: cover;\n}\n\n#uc_timeline_bullets_elementor_21d86df .ue_item_icon svg{ \n  height:1em;\n  width:1em;\n}\n\n#uc_timeline_bullets_elementor_21d86df .ue_item_spacer{\n  flex-grow:0;\n  flex-shrink:0;\n}\n\n#uc_timeline_bullets_elementor_21d86df .ue_item_hr_line{\n  flex-grow:0;\n  flex-shrink:0;\n}\n\n#uc_timeline_bullets_elementor_21d86df .ue_item_vr_line{\n  height:100%;\n  position:absolute;\n  flex-grow:0;\n  flex-shrink:0;\n}\n\n#uc_timeline_bullets_elementor_21d86df .ue_item_title, \n#uc_timeline_bullets_elementor_21d86df .ue_item_text,\n#uc_timeline_bullets_elementor_21d86df .ue_item_icon{\n  transition: all .3s ease-out;\n}\n\n.ue_item_title{\n  font-size:21px;\n}\n\n#uc_timeline_bullets_elementor_21d86df.uc-remote-parent .ue_item{\n  cursor:pointer;\n}\n\n<\/style>\n\n<div id=\"uc_timeline_bullets_elementor_21d86df\" class=\"uc-items-wrapper  \"  >\n <div class=\"ue_item elementor-repeater-item-18bd7cd\">\n    <div class=\"ue_item_vr_line\"><\/div>\n    <div class=\"ue_item_hr_line\"><\/div>\n    <div class=\"ue_item_icon\">\n      <i class='fas fa-camera'><\/i>                 <\/div>\n    <div class=\"ue_item_spacer\"><\/div>\n    <div class=\"ue_item_content\">\n      <div class=\"ue_item_title\">1996<\/div>      <div class=\"ue_item_text\">Den 1 juli 1996 b\u00f6rjar grundaren Tom G\u00f8ttsch att \u00f6vervaka och optimera servicekunderna i sitt byggf\u00f6retag.  <\/div>    <\/div>\n  <\/div>\n<div class=\"ue_item elementor-repeater-item-0cc710c\">\n    <div class=\"ue_item_vr_line\"><\/div>\n    <div class=\"ue_item_hr_line\"><\/div>\n    <div class=\"ue_item_icon\">\n      <i class='fas fa-camera'><\/i>                 <\/div>\n    <div class=\"ue_item_spacer\"><\/div>\n    <div class=\"ue_item_content\">\n      <div class=\"ue_item_title\">2004<\/div>      <div class=\"ue_item_text\">AK-Centralen A\/S \u00e4r etablerat som ett separat bolag med en vecko\u00f6ppettid p\u00e5 90 timmar per vecka.<\/div>    <\/div>\n  <\/div>\n<div class=\"ue_item elementor-repeater-item-a1f1e16\">\n    <div class=\"ue_item_vr_line\"><\/div>\n    <div class=\"ue_item_hr_line\"><\/div>\n    <div class=\"ue_item_icon\">\n      <i class='fas fa-camera'><\/i>                 <\/div>\n    <div class=\"ue_item_spacer\"><\/div>\n    <div class=\"ue_item_content\">\n      <div class=\"ue_item_title\">2005-2010<\/div>      <div class=\"ue_item_text\">AK-Centralen expanderar kontinuerligt s\u00e5 att det den 31 december 2010 fanns cirka 900 abonnenter och 10 heltidsanst\u00e4llda operat\u00f6rer. \u00d6ppettiderna ut\u00f6kades till cirka 120 timmar per vecka. <\/div>    <\/div>\n  <\/div>\n<div class=\"ue_item elementor-repeater-item-8c1d07b\">\n    <div class=\"ue_item_vr_line\"><\/div>\n    <div class=\"ue_item_hr_line\"><\/div>\n    <div class=\"ue_item_icon\">\n      <i class='fas fa-camera'><\/i>                 <\/div>\n    <div class=\"ue_item_spacer\"><\/div>\n    <div class=\"ue_item_content\">\n      <div class=\"ue_item_title\">2013<\/div>      <div class=\"ue_item_text\">AK-Centralen ut\u00f6kar \u00f6ppettiderna till 24\/7<\/div>    <\/div>\n  <\/div>\n<div class=\"ue_item elementor-repeater-item-78f2605\">\n    <div class=\"ue_item_vr_line\"><\/div>\n    <div class=\"ue_item_hr_line\"><\/div>\n    <div class=\"ue_item_icon\">\n      <i class='fas fa-camera'><\/i>                 <\/div>\n    <div class=\"ue_item_spacer\"><\/div>\n    <div class=\"ue_item_content\">\n      <div class=\"ue_item_title\">2014<\/div>      <div class=\"ue_item_text\">Larmhantering fr\u00e5n AK-Centralen AB i Sverige startas.<\/div>    <\/div>\n  <\/div>\n<div class=\"ue_item elementor-repeater-item-a382ef3\">\n    <div class=\"ue_item_vr_line\"><\/div>\n    <div class=\"ue_item_hr_line\"><\/div>\n    <div class=\"ue_item_icon\">\n      <i class='fas fa-camera'><\/i>                 <\/div>\n    <div class=\"ue_item_spacer\"><\/div>\n    <div class=\"ue_item_content\">\n      <div class=\"ue_item_title\">2015<\/div>      <div class=\"ue_item_text\">AK-Centralen inr\u00e4ttar en dataavdelning f\u00f6r att underl\u00e4tta utvecklingen av program f\u00f6r att ytterligare optimera v\u00e5ra kunders utrustning (Baseline).<\/div>    <\/div>\n  <\/div>\n<div class=\"ue_item elementor-repeater-item-4e9856c\">\n    <div class=\"ue_item_vr_line\"><\/div>\n    <div class=\"ue_item_hr_line\"><\/div>\n    <div class=\"ue_item_icon\">\n      <i class='fas fa-rocket'><\/i>                 <\/div>\n    <div class=\"ue_item_spacer\"><\/div>\n    <div class=\"ue_item_content\">\n      <div class=\"ue_item_title\">2017<\/div>      <div class=\"ue_item_text\">AK-Centralen slutf\u00f6r det f\u00f6rsta dokumenterade energibesparingsprojektet - sparar 16,8 GWH.<\/div>    <\/div>\n  <\/div>\n<div class=\"ue_item elementor-repeater-item-75b0673\">\n    <div class=\"ue_item_vr_line\"><\/div>\n    <div class=\"ue_item_hr_line\"><\/div>\n    <div class=\"ue_item_icon\">\n      <i class='fas fa-rocket'><\/i>                 <\/div>\n    <div class=\"ue_item_spacer\"><\/div>\n    <div class=\"ue_item_content\">\n      <div class=\"ue_item_title\">2021<\/div>      <div class=\"ue_item_text\">AK-Centralen tecknar det f\u00f6rsta franchiseavtalet med en utl\u00e4ndsk operat\u00f6r.<\/div>    <\/div>\n  <\/div>\n<div class=\"ue_item elementor-repeater-item-3daa460\">\n    <div class=\"ue_item_vr_line\"><\/div>\n    <div class=\"ue_item_hr_line\"><\/div>\n    <div class=\"ue_item_icon\">\n      <i class='fas fa-rocket'><\/i>                 <\/div>\n    <div class=\"ue_item_spacer\"><\/div>\n    <div class=\"ue_item_content\">\n      <div class=\"ue_item_title\">2021<\/div>      <div class=\"ue_item_text\">AK-Centralen genomg\u00e5r en generationsv\u00e4xling. Tom l\u00e4mnar \u00f6ver rodret till sina s\u00f6ner och styrelsen best\u00e5r nu av: Rasmus G\u00f8ttsch (VD), Morten G\u00f8ttsch (COO), Jakob G\u00f8ttsch (CFO). <\/div>    <\/div>\n  <\/div>\n<div class=\"ue_item elementor-repeater-item-6310c05\">\n    <div class=\"ue_item_vr_line\"><\/div>\n    <div class=\"ue_item_hr_line\"><\/div>\n    <div class=\"ue_item_icon\">\n      <i class='fas fa-rocket'><\/i>                 <\/div>\n    <div class=\"ue_item_spacer\"><\/div>\n    <div class=\"ue_item_content\">\n      <div class=\"ue_item_title\">2022<\/div>      <div class=\"ue_item_text\">AK-Centralen b\u00f6rjar leverera efterfr\u00e5geflexibilitet och st\u00f6dtj\u00e4nster via kundernas utrustning (Regulation Power).<\/div>    <\/div>\n  <\/div>\n<div class=\"ue_item elementor-repeater-item-8c758f7\">\n    <div class=\"ue_item_vr_line\"><\/div>\n    <div class=\"ue_item_hr_line\"><\/div>\n    <div class=\"ue_item_icon\">\n      <i class='fas fa-rocket'><\/i>                 <\/div>\n    <div class=\"ue_item_spacer\"><\/div>\n    <div class=\"ue_item_content\">\n      <div class=\"ue_item_title\">2025<\/div>      <div class=\"ue_item_text\">AK-Centralen har \u00f6ver 2000 abonnenter, n\u00e4stan 40 anst\u00e4llda och har dokumenterat \u00e5rliga elbesparingar p\u00e5 \u00f6ver 45 GWH f\u00f6r sina kunder.<\/div>    <\/div>\n  <\/div>\n\n<\/div>\n\n<!-- -->\n<!-- end Timeline Bullets -->\t\t\t\t<\/div>\n\t\t\t\t<\/div>\n\t\t\t\t<\/div>\n\t\t\t\t\t<\/div>\n\t\t\t\t<\/div>\n\t\t\t\t<\/div>\n\t\t","protected":false},"excerpt":{"rendered":"<p>Vem \u00e4r AK-CENTRALEN? AK-Centralen har sedan starten 1996 haft som vision att se till att dagligvaruhandeln uppfyller lagstiftningens krav p\u00e5 temperaturkvalitet &#8211; till l\u00e4gsta m\u00f6jliga service- och energikostnad f\u00f6r v\u00e5ra kunder. Genom v\u00e5r erfarenhetsbaserade f\u00f6rvaltningsmodell skapar vi merv\u00e4rde f\u00f6r v\u00e5ra kunders utrustning och valda processer. P\u00e5 AK-Centralen f\u00f6rb\u00e4ttrar vi kontinuerligt v\u00e5r m\u00e4nskliga kompetens och teknik &#8230; <a title=\"Om oss\" class=\"read-more\" href=\"https:\/\/ak-centralen.dk\/sv\/om-oss\/\" aria-label=\"L\u00e4s mer om Om oss\">L\u00e4s mer<\/a><\/p>\n","protected":false},"author":5,"featured_media":0,"parent":0,"menu_order":0,"comment_status":"closed","ping_status":"closed","template":"","meta":{"_acf_changed":false,"footnotes":""},"categories":[],"class_list":["post-9885","page","type-page","status-publish"],"acf":[],"yoast_head":"<!-- This site is optimized with the Yoast SEO plugin v27.4 - https:\/\/yoast.com\/product\/yoast-seo-wordpress\/ -->\n<title>Om oss | AK-CENTRALEN A\/S<\/title>\n<meta name=\"description\" content=\"Din partner f\u00f6r \u00f6vervakning och energioptimering av kylutrustning inom detaljhandel och industri. Genom en sourcingmodell \u00e4r vi kundens opartiska garant f\u00f6r att undvika produktf\u00f6rluster och sura smileys 24\/7-365.\" \/>\n<meta name=\"robots\" content=\"index, follow, max-snippet:-1, max-image-preview:large, max-video-preview:-1\" \/>\n<link rel=\"canonical\" href=\"https:\/\/ak-centralen.dk\/om-os\/\" \/>\n<meta property=\"og:locale\" content=\"sv_SE\" \/>\n<meta property=\"og:type\" content=\"article\" \/>\n<meta property=\"og:title\" content=\"Om oss | AK-CENTRALEN A\/S\" \/>\n<meta property=\"og:description\" content=\"Din partner f\u00f6r \u00f6vervakning och energioptimering av kylutrustning inom detaljhandel och industri. Genom en sourcingmodell \u00e4r vi kundens opartiska garant f\u00f6r att undvika produktf\u00f6rluster och sura smileys 24\/7-365.\" \/>\n<meta property=\"og:url\" content=\"https:\/\/ak-centralen.dk\/om-os\/\" \/>\n<meta property=\"og:site_name\" content=\"AK-CENTRALEN A\/S\" \/>\n<meta property=\"article:modified_time\" content=\"2025-06-26T08:19:33+00:00\" \/>\n<meta name=\"twitter:card\" content=\"summary_large_image\" \/>\n<meta name=\"twitter:label1\" content=\"Ber\u00e4knad l\u00e4stid\" \/>\n\t<meta name=\"twitter:data1\" content=\"2 minuter\" \/>\n<script type=\"application\/ld+json\" class=\"yoast-schema-graph\">{\"@context\":\"https:\\\/\\\/schema.org\",\"@graph\":[{\"@type\":\"WebPage\",\"@id\":\"https:\\\/\\\/ak-centralen.dk\\\/om-os\\\/\",\"url\":\"https:\\\/\\\/ak-centralen.dk\\\/om-os\\\/\",\"name\":\"Om oss | AK-CENTRALEN A\\\/S\",\"isPartOf\":{\"@id\":\"https:\\\/\\\/ak-centralen.dk\\\/#website\"},\"datePublished\":\"2024-09-03T12:59:38+00:00\",\"dateModified\":\"2025-06-26T08:19:33+00:00\",\"description\":\"Din partner f\u00f6r \u00f6vervakning och energioptimering av kylutrustning inom detaljhandel och industri. Genom en sourcingmodell \u00e4r vi kundens opartiska garant f\u00f6r att undvika produktf\u00f6rluster och sura smileys 24\\\/7-365.\",\"breadcrumb\":{\"@id\":\"https:\\\/\\\/ak-centralen.dk\\\/om-os\\\/#breadcrumb\"},\"inLanguage\":\"sv-SE\",\"potentialAction\":[{\"@type\":\"ReadAction\",\"target\":[\"https:\\\/\\\/ak-centralen.dk\\\/om-os\\\/\"]}]},{\"@type\":\"BreadcrumbList\",\"@id\":\"https:\\\/\\\/ak-centralen.dk\\\/om-os\\\/#breadcrumb\",\"itemListElement\":[{\"@type\":\"ListItem\",\"position\":1,\"name\":\"Hemsidan\",\"item\":\"https:\\\/\\\/ak-centralen.dk\\\/en\\\/\"},{\"@type\":\"ListItem\",\"position\":2,\"name\":\"Om oss\"}]},{\"@type\":\"WebSite\",\"@id\":\"https:\\\/\\\/ak-centralen.dk\\\/#website\",\"url\":\"https:\\\/\\\/ak-centralen.dk\\\/\",\"name\":\"AK-CENTRALEN A\\\/S\",\"description\":\"Energioptimering: K\u00f8lem\u00f8bler, fryserum och k\u00f8leteknik\",\"publisher\":{\"@id\":\"https:\\\/\\\/ak-centralen.dk\\\/#organization\"},\"potentialAction\":[{\"@type\":\"SearchAction\",\"target\":{\"@type\":\"EntryPoint\",\"urlTemplate\":\"https:\\\/\\\/ak-centralen.dk\\\/?s={search_term_string}\"},\"query-input\":{\"@type\":\"PropertyValueSpecification\",\"valueRequired\":true,\"valueName\":\"search_term_string\"}}],\"inLanguage\":\"sv-SE\"},{\"@type\":\"Organization\",\"@id\":\"https:\\\/\\\/ak-centralen.dk\\\/#organization\",\"name\":\"AK-CENTRALEN A\\\/S\",\"url\":\"https:\\\/\\\/ak-centralen.dk\\\/\",\"logo\":{\"@type\":\"ImageObject\",\"inLanguage\":\"sv-SE\",\"@id\":\"https:\\\/\\\/ak-centralen.dk\\\/#\\\/schema\\\/logo\\\/image\\\/\",\"url\":\"https:\\\/\\\/ak-centralen.dk\\\/wp-content\\\/uploads\\\/2024\\\/09\\\/ak-logo.svg\",\"contentUrl\":\"https:\\\/\\\/ak-centralen.dk\\\/wp-content\\\/uploads\\\/2024\\\/09\\\/ak-logo.svg\",\"width\":337,\"height\":37,\"caption\":\"AK-CENTRALEN A\\\/S\"},\"image\":{\"@id\":\"https:\\\/\\\/ak-centralen.dk\\\/#\\\/schema\\\/logo\\\/image\\\/\"}}]}<\/script>\n<!-- \/ Yoast SEO plugin. -->","yoast_head_json":{"title":"Om oss | AK-CENTRALEN A\/S","description":"Din partner f\u00f6r \u00f6vervakning och energioptimering av kylutrustning inom detaljhandel och industri. Genom en sourcingmodell \u00e4r vi kundens opartiska garant f\u00f6r att undvika produktf\u00f6rluster och sura smileys 24\/7-365.","robots":{"index":"index","follow":"follow","max-snippet":"max-snippet:-1","max-image-preview":"max-image-preview:large","max-video-preview":"max-video-preview:-1"},"canonical":"https:\/\/ak-centralen.dk\/om-os\/","og_locale":"sv_SE","og_type":"article","og_title":"Om oss | AK-CENTRALEN A\/S","og_description":"Din partner f\u00f6r \u00f6vervakning och energioptimering av kylutrustning inom detaljhandel och industri. Genom en sourcingmodell \u00e4r vi kundens opartiska garant f\u00f6r att undvika produktf\u00f6rluster och sura smileys 24\/7-365.","og_url":"https:\/\/ak-centralen.dk\/om-os\/","og_site_name":"AK-CENTRALEN A\/S","article_modified_time":"2025-06-26T08:19:33+00:00","twitter_card":"summary_large_image","twitter_misc":{"Ber\u00e4knad l\u00e4stid":"2 minuter"},"schema":{"@context":"https:\/\/schema.org","@graph":[{"@type":"WebPage","@id":"https:\/\/ak-centralen.dk\/om-os\/","url":"https:\/\/ak-centralen.dk\/om-os\/","name":"Om oss | AK-CENTRALEN A\/S","isPartOf":{"@id":"https:\/\/ak-centralen.dk\/#website"},"datePublished":"2024-09-03T12:59:38+00:00","dateModified":"2025-06-26T08:19:33+00:00","description":"Din partner f\u00f6r \u00f6vervakning och energioptimering av kylutrustning inom detaljhandel och industri. Genom en sourcingmodell \u00e4r vi kundens opartiska garant f\u00f6r att undvika produktf\u00f6rluster och sura smileys 24\/7-365.","breadcrumb":{"@id":"https:\/\/ak-centralen.dk\/om-os\/#breadcrumb"},"inLanguage":"sv-SE","potentialAction":[{"@type":"ReadAction","target":["https:\/\/ak-centralen.dk\/om-os\/"]}]},{"@type":"BreadcrumbList","@id":"https:\/\/ak-centralen.dk\/om-os\/#breadcrumb","itemListElement":[{"@type":"ListItem","position":1,"name":"Hemsidan","item":"https:\/\/ak-centralen.dk\/en\/"},{"@type":"ListItem","position":2,"name":"Om oss"}]},{"@type":"WebSite","@id":"https:\/\/ak-centralen.dk\/#website","url":"https:\/\/ak-centralen.dk\/","name":"AK-CENTRALEN A\/S","description":"Energioptimering: K\u00f8lem\u00f8bler, fryserum och k\u00f8leteknik","publisher":{"@id":"https:\/\/ak-centralen.dk\/#organization"},"potentialAction":[{"@type":"SearchAction","target":{"@type":"EntryPoint","urlTemplate":"https:\/\/ak-centralen.dk\/?s={search_term_string}"},"query-input":{"@type":"PropertyValueSpecification","valueRequired":true,"valueName":"search_term_string"}}],"inLanguage":"sv-SE"},{"@type":"Organization","@id":"https:\/\/ak-centralen.dk\/#organization","name":"AK-CENTRALEN A\/S","url":"https:\/\/ak-centralen.dk\/","logo":{"@type":"ImageObject","inLanguage":"sv-SE","@id":"https:\/\/ak-centralen.dk\/#\/schema\/logo\/image\/","url":"https:\/\/ak-centralen.dk\/wp-content\/uploads\/2024\/09\/ak-logo.svg","contentUrl":"https:\/\/ak-centralen.dk\/wp-content\/uploads\/2024\/09\/ak-logo.svg","width":337,"height":37,"caption":"AK-CENTRALEN A\/S"},"image":{"@id":"https:\/\/ak-centralen.dk\/#\/schema\/logo\/image\/"}}]}},"_links":{"self":[{"href":"https:\/\/ak-centralen.dk\/sv\/wp-json\/wp\/v2\/pages\/9885","targetHints":{"allow":["GET"]}}],"collection":[{"href":"https:\/\/ak-centralen.dk\/sv\/wp-json\/wp\/v2\/pages"}],"about":[{"href":"https:\/\/ak-centralen.dk\/sv\/wp-json\/wp\/v2\/types\/page"}],"author":[{"embeddable":true,"href":"https:\/\/ak-centralen.dk\/sv\/wp-json\/wp\/v2\/users\/5"}],"replies":[{"embeddable":true,"href":"https:\/\/ak-centralen.dk\/sv\/wp-json\/wp\/v2\/comments?post=9885"}],"version-history":[{"count":2,"href":"https:\/\/ak-centralen.dk\/sv\/wp-json\/wp\/v2\/pages\/9885\/revisions"}],"predecessor-version":[{"id":10288,"href":"https:\/\/ak-centralen.dk\/sv\/wp-json\/wp\/v2\/pages\/9885\/revisions\/10288"}],"wp:attachment":[{"href":"https:\/\/ak-centralen.dk\/sv\/wp-json\/wp\/v2\/media?parent=9885"}],"wp:term":[{"taxonomy":"category","embeddable":true,"href":"https:\/\/ak-centralen.dk\/sv\/wp-json\/wp\/v2\/categories?post=9885"}],"curies":[{"name":"wp","href":"https:\/\/api.w.org\/{rel}","templated":true}]}}